{"id":2106,"date":"2024-04-03T14:39:30","date_gmt":"2024-04-03T14:39:30","guid":{"rendered":"https:\/\/silkemartin.com\/?page_id=2106"},"modified":"2024-04-03T14:51:52","modified_gmt":"2024-04-03T14:51:52","slug":"elementor-2106","status":"publish","type":"page","link":"https:\/\/silkemartin.com\/?page_id=2106","title":{"rendered":"Datenschutz"},"content":{"rendered":"\t\t<div data-elementor-type=\"wp-page\" data-elementor-id=\"2106\" class=\"elementor elementor-2106\">\n\t\t\t\t\t\t<section class=\"elementor-section elementor-top-section elementor-element elementor-element-a6f60e0 elementor-section-boxed elementor-section-height-default elementor-section-height-default\" data-id=\"a6f60e0\" data-element_type=\"section\">\n\t\t\t\t\t\t<div class=\"elementor-container elementor-column-gap-default\">\n\t\t\t\t\t<div class=\"elementor-column elementor-col-100 elementor-top-column elementor-element elementor-element-3ccf410\" data-id=\"3ccf410\" data-element_type=\"column\">\n\t\t\t<div class=\"elementor-widget-wrap elementor-element-populated\">\n\t\t\t\t\t\t<div class=\"elementor-element elementor-element-1823766 elementor-widget elementor-widget-text-editor\" data-id=\"1823766\" data-element_type=\"widget\" data-widget_type=\"text-editor.default\">\n\t\t\t\t<div class=\"elementor-widget-container\">\n\t\t\t<style>\/*! elementor - v3.20.0 - 13-03-2024 *\/\n.elementor-widget-text-editor.elementor-drop-cap-view-stacked .elementor-drop-cap{background-color:#69727d;color:#fff}.elementor-widget-text-editor.elementor-drop-cap-view-framed .elementor-drop-cap{color:#69727d;border:3px solid;background-color:transparent}.elementor-widget-text-editor:not(.elementor-drop-cap-view-default) .elementor-drop-cap{margin-top:8px}.elementor-widget-text-editor:not(.elementor-drop-cap-view-default) .elementor-drop-cap-letter{width:1em;height:1em}.elementor-widget-text-editor .elementor-drop-cap{float:left;text-align:center;line-height:1;font-size:50px}.elementor-widget-text-editor .elementor-drop-cap-letter{display:inline-block}<\/style>\t\t\t\t<h4><strong>Einleitung<\/strong><\/h4><p align=\"justify\">Mit der fol\u00adgen\u00adden Daten\u00adschutzerk\u00adl\u00e4rung m\u00f6chte ich Sie dar\u00fcber aufk\u00adl\u00e4ren, welche Arten Ihrer per\u00adso\u00adn\u00aden\u00adbe\u00adzo\u00adge\u00adnen Dat\u00aden (nach\u00adfol\u00adgend auch kurz als \u201eDat\u00aden\u201c beze\u00adich\u00adnet) ich zu welchen Zweck\u00aden und in welchem Umfang ver\u00adar\u00adbeite. Die Daten\u00adschutzerk\u00adl\u00e4rung gilt f\u00fcr alle von mir durchge\u00adf\u00fchrten Ver\u00adar\u00adbeitun\u00adgen per\u00adso\u00adn\u00aden\u00adbe\u00adzo\u00adgen\u00ader Dat\u00aden, sowohl im Rah\u00admen der Erbringung mein\u00ader Leis\u00adtun\u00adgen als auch beson\u00adders auf mein\u00ader Web\u00adseite, in mobilen App\u00adlika\u00adtio\u00adnen sowie inner\u00adhalb extern\u00ader Onlinepr\u00e4sen\u00adzen, wie z.B. mein\u00ader Social-Media-Pro\u00adfile (nach\u00adfol\u00adgend zusam\u00admen\u00adfassend beze\u00adich\u00adnet als \u201eOnlin\u00adeange\u00adbot\u201c).<\/p><p align=\"justify\">&nbsp;<\/p><h4><strong>Inhalts\u00fcbersicht<\/strong><\/h4><p>&nbsp;<\/p><ul><li>Ein\u00adleitung<\/li><li>Ver\u00adant\u00adwortliche<\/li><li>\u00dcber\u00adsicht der Verarbeitungen<\/li><li>Ma\u00dfge\u00adbliche Rechtsgrundlagen<\/li><li>Sicher\u00adheits\u00adma\u00df\u00adnah\u00admen<\/li><li>\u00dcber\u00admit\u00adtlung und Offen\u00adbarung von per\u00adso\u00adn\u00aden\u00adbe\u00adzo\u00adge\u00adnen&nbsp;Daten<\/li><li>Daten\u00adver\u00adar\u00adbeitung in Drittl\u00e4ndern<\/li><li>Ein\u00adsatz von Cookies<\/li><li>Kon\u00adtak\u00adtauf\u00adnahme<\/li><li>Bere\u00adit\u00adstel\u00adlung des Onlin\u00adeange\u00adbotes und Webhosting<\/li><li>L\u00f6schung von&nbsp;Daten<\/li><li>\u00c4nderung und Aktu\u00adal\u00adisierung der Datenschutzerkl\u00e4rung<\/li><li>Rechte der betrof\u00adfe\u00adnen Personen<\/li><li>Begriffs\u00adde\u00adf\u00adi\u00adn\u00adi\u00adtio\u00adnen<\/li><\/ul><h4><strong><br>Verantwortliche<\/strong><\/h4><p>Dr. Silke Mar\u00adtin<br>Schw\u00ader\u00adiner Str. 19<br>99089 Erfurt<\/p><p><a href=\"mailto:mail@silkemartin.com\">mail@silkemartin.com<\/a><\/p><p>&nbsp;<\/p><h4><strong>\u00dcbersicht der Verarbeitungen<\/strong><\/h4><p align=\"justify\">Die nach\u00adfol\u00adgende \u00dcber\u00adsicht fasst die Arten der ver\u00adar\u00adbeit\u00adeten Dat\u00aden und die Zwecke ihrer Ver\u00adar\u00adbeitung zusam\u00admen und ver\u00adweist auf die betrof\u00adfe\u00adnen Personen.<\/p><p>&nbsp;<\/p><h4><strong>Arten der verarbeiteten&nbsp;Daten<\/strong><\/h4><p>&nbsp;<\/p><ul><li>Bestands\u00addat\u00aden (z.B. Namen, Adressen).<\/li><li>Inhalts\u00addat\u00aden (z.B. Tex\u00adteingaben, Fotografien, Videos).<\/li><li>Kon\u00adtak\u00adt\u00addat\u00aden (z.B. E\u2011Mail, Telefonnummern).<\/li><li>Meta-\/Kom\u00admu\u00adnika\u00adtions\u00addat\u00aden (z.B. Ger\u00e4te-Infor\u00adma\u00adtio\u00adnen, IP-Adressen).<\/li><li>Nutzungs\u00addat\u00aden (z.B. besuchte Web\u00adseit\u00aden, Inter\u00adesse an Inhal\u00adten, Zugriffszeiten)<\/li><\/ul><h4><strong><br>Kategorien betroffener Personen<\/strong><\/h4><p>&nbsp;<\/p><ul><li>Kommunikationspartner_innen.<\/li><li>Nutzende (z.B. Web\u00adseit\u00adenbe\u00adsuchende, Nutzende von Onlinediensten).<\/li><\/ul><h4><strong><br>Zwecke der Verarbeitung<\/strong><\/h4><p>&nbsp;<\/p><ul><li>Kon\u00adtak\u00adtan\u00adfra\u00adgen und Kommunikation.<\/li><\/ul><p>&nbsp;<\/p><h4><strong>Ma\u00dfgebliche Rechtsgrundlagen<\/strong><\/h4><p align=\"justify\">Im Fol\u00adgen\u00adden teile ich die Rechts\u00adgrund\u00adla\u00adgen der Daten\u00adschutz\u00adgrund\u00adverord\u00adnung (DSGVO) mit, auf deren Basis ich die per\u00adso\u00adn\u00aden\u00adbe\u00adzo\u00adge\u00adnen Dat\u00aden ver\u00adar\u00adbeite. Bitte beacht\u00aden Sie, dass zus\u00e4t\u00adzlich zu den Regelun\u00adgen der DSGVO die nationalen Daten\u00adschutzvor\u00adgaben in Ihrem bzw. meinem Wohn- und Sit\u00adz\u00adland gel\u00adten k\u00f6nnen.<\/p><p>&nbsp;<\/p><ul><li><p align=\"justify\"><strong>Ein\u00adwilli\u00adgung (Art. 6 Abs. 1 S. 1 lit. a DSGVO)<\/strong> \u2013 Die betrof\u00adfene Per\u00adson hat ihre Ein\u00adwilli\u00adgung in die Ver\u00adar\u00adbeitung der sie betr\u00ade\u00adf\u00adfend\u00aden per\u00adso\u00adn\u00aden\u00adbe\u00adzo\u00adge\u00adnen Dat\u00aden f\u00fcr einen spez\u00adi\u00adfis\u00adchen Zweck oder mehrere bes\u00adtimmte Zwecke gegeben.<\/p><\/li><li><p align=\"justify\"><strong>Ver\u00adtragser\u00adf\u00fcl\u00adlung und vorver\u00adtragliche Anfra\u00adgen (Art. 6 Abs. 1 S. 1 lit. b. DSGVO)<\/strong> \u2013 Die Ver\u00adar\u00adbeitung ist f\u00fcr die Erf\u00fcl\u00adlung eines Ver\u00adtrags, dessen Ver\u00adtragspartei die betrof\u00adfene Per\u00adson ist, oder zur Durch\u00adf\u00fchrung vorver\u00adtraglich\u00ader Ma\u00df\u00adnah\u00admen erforder\u00adlich, die auf Anfrage der betrof\u00adfe\u00adnen Per\u00adson erfolgen.<\/p><\/li><li><p align=\"justify\"><strong>Berechtigte Inter\u00adessen (Art. 6 Abs. 1 S. 1 lit. f. DSGVO)<\/strong> \u2013 Die Ver\u00adar\u00adbeitung ist zur Wahrung der berechtigten Inter\u00adessen des Ver\u00adant\u00adwortlichen oder eines Drit\u00adten erforder\u00adlich, sofern nicht die Inter\u00adessen oder Grun\u00addrechte und Grund\u00adfrei\u00adheit\u00aden der betrof\u00adfe\u00adnen Per\u00adson, die den Schutz per\u00adso\u00adn\u00aden\u00adbe\u00adzo\u00adgen\u00ader Dat\u00aden erfordern, \u00fcberwiegen.<\/p><\/li><\/ul><h4><strong><br>Sicherheitsma\u00dfnahmen<\/strong><\/h4><p align=\"justify\">Ich tre\u00adffe nach Ma\u00df\u00adgabe der geset\u00adzlichen Vor\u00adgaben unter Ber\u00fcck\u00adsich\u00adti\u00adgung des Stands der Tech\u00adnik, der Imple\u00admen\u00adtierungskosten und der Art, des Umfangs, der Umst\u00e4nde und der Zwecke der Ver\u00adar\u00adbeitung sowie der unter\u00adschiedlichen Ein\u00adtrittswahrschein\u00adlichkeit\u00aden und des Aus\u00adma\u00dfes der Bedro\u00adhung der Rechte und Frei\u00adheit\u00aden nat\u00fcr\u00adlich\u00ader Per\u00adso\u00adn\u00aden geeignete tech\u00adnis\u00adche und organ\u00adisatorische Ma\u00df\u00adnah\u00admen, um ein dem Risiko angemessenes Schutzniveau zu gew\u00e4hrleisten.<\/p><p>Zu den Ma\u00df\u00adnah\u00admen geh\u00f6ren beson\u00adders die Sicherung der Ver\u00adtraulichkeit, Integrit\u00e4t und Ver\u00adf\u00fcg\u00adbarkeit von Dat\u00aden durch Kon\u00adtrolle des physis\u00adchen und elek\u00adtro\u00adn\u00adis\u00adchen Zugangs zu den Dat\u00aden als auch des sie betr\u00ade\u00adf\u00adfend\u00aden Zugriffs, der Eingabe, der Weit\u00ader\u00adgabe, der Sicherung der Ver\u00adf\u00fcg\u00adbarkeit und ihrer Tren\u00adnung. Des Weit\u00aderen habe ich Ver\u00adfahren ein\u00adgerichtet, die eine Wahrnehmung von Betrof\u00adfe\u00adnen\u00adrecht\u00aden, die L\u00f6schung von Dat\u00aden und Reak\u00adtio\u00adnen auf die Gef\u00e4hrdung der Dat\u00aden gew\u00e4hrleis\u00adten. Fern\u00ader ber\u00fcck\u00adsichtige ich den Schutz per\u00adso\u00adn\u00aden\u00adbe\u00adzo\u00adgen\u00ader Dat\u00aden bere\u00adits bei der Entwick\u00adlung bzw. Auswahl von Hard\u00adware, Soft\u00adware sowie Ver\u00adfahren entsprechend dem Prinzip des Daten\u00adschutzes, durch Tech\u00adnikgestal\u00adtung und durch daten\u00adschutzfre\u00adundliche Voreinstellungen.<\/p><p>&nbsp;<\/p><h4><strong>\u00dcbermittlung und Offenbarung von personenbezogenen&nbsp;Daten<\/strong><\/h4><p align=\"justify\">Im Rah\u00admen unser\u00ader Ver\u00adar\u00adbeitung von per\u00adso\u00adn\u00aden\u00adbe\u00adzo\u00adge\u00adnen Dat\u00aden kommt es vor, dass die Dat\u00aden an andere Stellen, Unternehmen, rechtlich selb\u00adst\u00adst\u00e4ndi\u00adge Organ\u00adi\u00adsa\u00adtion\u00adsein\u00adheit\u00aden oder Per\u00adso\u00adn\u00aden \u00fcber\u00admit\u00adtelt oder sie ihnen gegen\u00fcber offen\u00adgelegt wer\u00adden. Zu den Emp\u00adfan\u00adgen\u00adden dieser Dat\u00aden k\u00f6n\u00adnen z.B. Zahlungsin\u00adsti\u00adtute im Rah\u00admen von Zahlungsvorg\u00e4n\u00adgen, mit IT-Auf\u00adgaben beauf\u00adtragte Dien\u00adstleis\u00adter oder Anbi\u00adetende von Dien\u00adsten und Inhal\u00adten, die in eine Web\u00adseite einge\u00adbun\u00adden wer\u00adden, geh\u00f6ren. In solchen Fall beachte ich die geset\u00adzlichen Vor\u00adgaben und schlie\u00dfe ins\u00adbeson\u00addere entsprechende Vertr\u00e4ge bzw. Vere\u00adin\u00adbarun\u00adgen, die dem Schutz Ihrer Dat\u00aden dienen, mit den Empf\u00e4ngern Ihrer Dat\u00aden&nbsp;ab.<\/p><p>&nbsp;<\/p><h4><strong>Datenverarbeitung in Drittl\u00e4ndern<\/strong><\/h4><p align=\"justify\">Sofern ich Dat\u00aden in einem Drit\u00adt\u00adland (d.h., au\u00dfer\u00adhalb der Europ\u00e4is\u00adchen Union (EU), des Europ\u00e4is\u00adchen Wirtschaft\u00adsraums (EWR)) ver\u00adar\u00adbeite oder die Ver\u00adar\u00adbeitung im Rah\u00admen der Inanspruch\u00adnahme von Dien\u00adsten Drit\u00adter oder der Offen\u00adle\u00adgung bzw. \u00dcber\u00admit\u00adtlung von Dat\u00aden an andere Per\u00adso\u00adn\u00aden, Stellen oder Unternehmen stat\u00adtfind\u00adet, erfol\u00adgt dies nur im Ein\u00adklang mit den geset\u00adzlichen Vorgaben.<\/p><p>Vor\u00adbe\u00adhaltlich aus\u00addr\u00fcck\u00adlich\u00ader Ein\u00adwilli\u00adgung oder ver\u00adtraglich oder geset\u00adzlich erforder\u00adlich\u00ader \u00dcber\u00admit\u00adtlung ver\u00adar\u00adbeite oder lasse ich die Dat\u00aden nur in Drit\u00adtl\u00e4n\u00addern mit einem anerkan\u00adnten Daten\u00adschutzniveau, zu denen die unter dem \u201ePri\u00adva\u00adcy-Shield\u201c zer\u00adti\u00adfizierten US-Ver\u00adar\u00adbeit\u00ader geh\u00f6ren, oder auf Grund\u00adlage beson\u00adder\u00ader Garantien, wie z.B. ver\u00adtraglich\u00ader Verpflich\u00adtung durch soge\u00adnan\u00adnte Stan\u00addard\u00adschutzk\u00adlauseln der EU-Kom\u00admis\u00adsion, des Vor\u00adliegens von Zer\u00adti\u00adfizierun\u00adgen oder verbindlich\u00ader intern\u00ader Daten\u00adschutzvorschriften, ver\u00adar\u00adbeit\u00aden (Art. 44 bis 49 DSGVO, Infor\u00adma\u00adtion\u00ads\u00adseite der EU-Kom\u00admis\u00adsion:&nbsp;<a href=\"https:\/\/ec.europa.eu\/info\/law\/law-topic\/data-protection\/international-dimension-data-protection_de\">https:\/\/ec.europa.eu\/info\/law\/law-topic\/data-protection\/international-dimension-data-protection_de<\/a>&nbsp;).<\/p><p>&nbsp;<\/p><h4><strong>Einsatz von Cookies<\/strong><\/h4><p align=\"justify\">Cook\u00adies sind Text\u00addateien, die Dat\u00aden von besucht\u00aden Web\u00adsites oder Domains enthal\u00adten und von einem Brows\u00ader auf dem Com\u00adput\u00ader des Benutzers gespe\u00adichert wer\u00adden. Ein Cook\u00adie dient in erster Lin\u00adie dazu, die Infor\u00adma\u00adtio\u00adnen \u00fcber einen Benutzer w\u00e4hrend oder nach seinem Besuch inner\u00adhalb eines Onlin\u00adeange\u00adbotes zu spe\u00adich\u00adern. Zu den gespe\u00adicherten Angaben k\u00f6n\u00adnen z.B. die Sprache\u00adin\u00adstel\u00adlun\u00adgen auf ein\u00ader Web\u00adseite, der Login\u00adsta\u00adtus, ein Warenko\u00adrb oder die Stelle, an der ein Video geschaut wurde, geh\u00f6ren. Zu dem Begriff der Cook\u00adies z\u00e4h\u00adle ich fern\u00ader andere Tech\u00adnolo\u00adgien, die die gle\u00adichen Funk\u00adtio\u00adnen wie Cook\u00adies erf\u00fcllen (z.B., wenn Angaben der Nutzer anhand pseu\u00addo\u00adnymer Onlinekennze\u00adich\u00adnun\u00adgen gespe\u00adichert wer\u00adden, auch als \u201eNutzer-IDs\u201c bezeichnet).<\/p><p>&nbsp;<\/p><h4><strong>Die folgenden Cookie-Typen und Funktionen werden unterschieden:<\/strong><\/h4><p>&nbsp;<\/p><ul><li><p align=\"justify\">Tem\u00adpor\u00e4re Cook\u00adies (auch: Ses\u00adsion- oder Sitzungs-Cookies):<\/p><p>Tem\u00adpor\u00e4re Cook\u00adies wer\u00adden sp\u00e4testens gel\u00f6scht, nach\u00addem ein Nutzer ein Online-Ange\u00adbot ver\u00adlassen und seinen Brows\u00ader geschlossen&nbsp;hat.<\/p><\/li><li><p align=\"justify\">Per\u00adma\u00adnente Cookies:<\/p><p>Per\u00adma\u00adnente Cook\u00adies bleiben auch nach dem Schlie\u00dfen des Browsers gespe\u00adichert. So kann beispiel\u00adsweise der Login-Sta\u00adtus gespe\u00adichert oder bevorzugte Inhalte direkt angezeigt wer\u00adden, wenn der Nutzer eine Web\u00adsite erneut besucht. Eben\u00adso k\u00f6n\u00adnen die Inter\u00adessen von Nutzen\u00adden, die zur Reich\u00adweit\u00aden\u00admes\u00adsung oder zu Mar\u00adket\u00adingzweck\u00aden ver\u00adwen\u00addet wer\u00adden, in einem solchen Cook\u00adie gespe\u00adichert werden.<\/p><\/li><li><p align=\"justify\">First-Par\u00adty-Cook\u00adies:<\/p><p>First-Par\u00adty-Cook\u00adies wer\u00adden von mir selb\u00adst gesetzt.<\/p><\/li><li><p align=\"justify\">Third-Par\u00adty-Cook\u00adies (auch: Drittanbieter-Cookies)<\/p><p>: Drit\u00adtan\u00adbi\u00adeter-Cook\u00adies wer\u00adden haupt\u00ads\u00e4ch\u00adlich von Wer\u00adbe\u00adtreiben\u00adden (sog. Drit\u00adten) ver\u00adwen\u00addet, um Benutzer\u00adin\u00adfor\u00adma\u00adtio\u00adnen zu verarbeiten.<\/p><\/li><li><p align=\"justify\">Notwendi\u00adge (auch: essen\u00adtielle oder unbe\u00add\u00adingt erforder\u00adliche) Cookies:<\/p><p>Cook\u00adies k\u00f6n\u00adnen zum einen f\u00fcr den Betrieb ein\u00ader Web\u00adseite unbe\u00add\u00adingt erforder\u00adlich sein (z.B. um Logins oder andere Nutzereingaben zu spe\u00adich\u00adern oder aus Gr\u00fcn\u00adden der Sicherheit).<\/p><\/li><li><p align=\"justify\">Statistik\u2011, Mar\u00adket\u00ading- und Personalisierungs-Cookies<\/p><p>: Fern\u00ader wer\u00adden Cook\u00adies im Regelfall auch im Rah\u00admen der Reich\u00adweit\u00aden\u00admes\u00adsung einge\u00adset\u00adzt sowie dann, wenn die Inter\u00adessen eines Nutzers oder sein Ver\u00adhal\u00adten (z.B. Betra\u00adcht\u00aden bes\u00adtimmter Inhalte, Nutzen von Funk\u00adtio\u00adnen etc.) auf einzel\u00adnen Web\u00adseit\u00aden in einem Nutzer\u00adpro\u00adfil gespe\u00adichert wer\u00adden. Solche Pro\u00adfile dienen dazu, den Nutzen\u00adden z.B. Inhalte anzuzeigen, die ihren poten\u00adtiellen Inter\u00adessen entsprechen. Dieses Ver\u00adfahren wird auch als \u201eTrack\u00ading\u201c, d.h., Nachver\u00adfol\u00adgung der poten\u00adtiellen Inter\u00adessen der Nutzen\u00adden beze\u00adich\u00adnet. . Soweit ich Cook\u00adies oder \u201eTracking\u201c-Technologien ein\u00adset\u00adze, informiere ich Sie geson\u00addert in unser\u00ader Daten\u00adschutzerk\u00adl\u00e4rung oder im Rah\u00admen der Ein\u00adhol\u00adung ein\u00ader Einwilligung.<\/p><\/li><\/ul><p>&nbsp;<\/p><h4><strong>Hinweise zu Rechtsgrundlagen:<\/strong><\/h4><p align=\"justify\">Auf welch\u00ader Rechts\u00adgrund\u00adlage ich Ihre per\u00adso\u00adn\u00aden\u00adbe\u00adzo\u00adge\u00adnen Dat\u00aden mit Hil\u00adfe von Cook\u00adies ver\u00adar\u00adbeit\u00aden, h\u00e4ngt davon ab, ob ich Sie um eine Ein\u00adwilli\u00adgung bitte. Falls dies zutrifft und Sie in die Nutzung von Cook\u00adies ein\u00adwilli\u00adgen, ist die Rechts\u00adgrund\u00adlage der Ver\u00adar\u00adbeitung Ihrer Dat\u00aden die erk\u00adl\u00e4rte Ein\u00adwilli\u00adgung. Andern\u00adfalls wer\u00adden die mith\u00adil\u00adfe von Cook\u00adies ver\u00adar\u00adbeit\u00adeten Dat\u00aden auf Grund\u00adlage mein\u00ader berechtigten Inter\u00adessen (z.B. an einem betrieb\u00adswirtschaftlichen Betrieb meines Onlin\u00adeange\u00adbotes und dessen Verbesserung) ver\u00adar\u00adbeit\u00adet oder, wenn der Ein\u00adsatz von Cook\u00adies erforder\u00adlich ist, um meine ver\u00adtraglichen Verpflich\u00adtun\u00adgen zu erf\u00fcllen.<\/p><p>&nbsp;<\/p><h4><strong>Allgemeine Hinweise zum Widerruf und Widerspruch (Opt-Out):<\/strong><\/h4><p align=\"justify\">Abh\u00e4ngig davon, ob die Ver\u00adar\u00adbeitung auf Grund\u00adlage ein\u00ader Ein\u00adwilli\u00adgung oder geset\u00adzlichen Erlaub\u00adnis erfol\u00adgt, haben Sie jed\u00aderzeit die M\u00f6glichkeit, eine erteilte Ein\u00adwilli\u00adgung zu wider\u00adrufen oder der Ver\u00adar\u00adbeitung Ihrer Dat\u00aden durch Cook\u00adie-Tech\u00adnolo\u00adgien zu wider\u00adsprechen (zusam\u00admen\u00adfassend als \u201eOpt-Out\u201c beze\u00adich\u00adnet). Sie k\u00f6n\u00adnen Ihren Wider\u00adspruch zun\u00e4chst mit\u00adtels der Ein\u00adstel\u00adlun\u00adgen Ihres Browsers erk\u00adl\u00e4ren, z.B., indem Sie die Nutzung von Cook\u00adies deak\u00adtivieren (wobei hier\u00addurch auch die Funk\u00adtions\u00adf\u00e4higkeit meines Onlin\u00adeange\u00adbotes eingeschr\u00e4nkt wer\u00adden kann). Ein Wider\u00adspruch gegen den Ein\u00adsatz von Cook\u00adies zu Zweck\u00aden des Online\u00admar\u00adket\u00adings kann auch mit\u00adtels ein\u00ader Vielzahl von Dien\u00adsten, vor allem im Fall des Track\u00adings, \u00fcber die Web\u00adseit\u00aden&nbsp;<a href=\"http:\/\/optout.aboutads.info\/\">http:\/\/optout.aboutads.info<\/a>&nbsp;und&nbsp;<a href=\"http:\/\/www.youronlinechoices.com\/\">http:\/\/www.youronlinechoices.com\/<\/a>&nbsp;erk\u00adl\u00e4rt wer\u00adden. Daneben k\u00f6n\u00adnen Sie weit\u00adere Wider\u00adspruchsh\u00adin\u00adweise im Rah\u00admen der Angaben zu den einge\u00adset\u00adzten Dien\u00adstleis\u00adtern und Cook\u00adies erhalten.<\/p><p>&nbsp;<\/p><h4><strong>Verarbeitung von Cookie-Daten auf Grundlage einer Einwilligung<\/strong>:<\/h4><p align=\"justify\">Bevor ich Dat\u00aden im Rah\u00admen der Nutzung von Cook\u00adies ver\u00adar\u00adbeite oder ver\u00adar\u00adbeit\u00aden lasse, bitte ich die Nutzer um eine jed\u00aderzeit wider\u00adruf\u00adbare Ein\u00adwilli\u00adgung. Bevor die Ein\u00adwilli\u00adgung nicht aus\u00adge\u00adsprochen wurde, wer\u00adden allen\u00adfalls Cook\u00adies einge\u00adset\u00adzt, die f\u00fcr den Betrieb unseres Onlin\u00adeange\u00adbotes erforder\u00adlich sind. Deren Ein\u00adsatz erfol\u00adgt auf der Grund\u00adlage unseres Inter\u00adess\u00ades und des Inter\u00adess\u00ades der Nutzen\u00adden an der erwarteten Funk\u00adtions\u00adf\u00e4higkeit unseres Onlineangebotes.<\/p><p>&nbsp;<\/p><ul><li><p align=\"justify\">Ver\u00adar\u00adbeit\u00adete Datenarten:<\/p><p>Nutzungs\u00addat\u00aden (z.B. besuchte Web\u00adseit\u00aden, Inter\u00adesse an Inhal\u00adten, Zugriff\u00adszeit\u00aden), Meta-\/Kom\u00admu\u00adnika\u00adtions\u00addat\u00aden (z.B. Ger\u00e4te-Infor\u00adma\u00adtio\u00adnen, IP-Adressen).<\/p><\/li><li><p align=\"justify\">Betrof\u00adfene Personen:<\/p><p>Nutzende (z.B. Web\u00adseit\u00adenbe\u00adsuchende, Nutzende von Onlinediensten).<\/p><\/li><li><p align=\"justify\">Rechts\u00adgrund\u00adla\u00adgen:<\/p><p>Ein\u00adwilli\u00adgung (Art. 6 Abs. 1 S. 1 lit. a DSGVO), Berechtigte Inter\u00adessen (Art. 6 Abs. 1 S. 1 lit. f.&nbsp;DSGVO).<\/p><\/li><\/ul><h4><strong><br>Kontaktaufnahme<\/strong><\/h4><p align=\"justify\">Bei der Kon\u00adtak\u00adtauf\u00adnahme mit mir (z.B. per Kon\u00adtak\u00adt\u00adfor\u00admu\u00adlar, E\u2011Mail, Tele\u00adfon oder via soziale Medi\u00aden) wer\u00adden die Angaben der anfra\u00adgen\u00adden Per\u00adso\u00adn\u00aden ver\u00adar\u00adbeit\u00adet, soweit dies zur Beant\u00adwor\u00adtung der Kon\u00adtak\u00adtan\u00adfra\u00adgen und etwaiger ange\u00adfragter Ma\u00df\u00adnah\u00admen erforder\u00adlich&nbsp;ist.<\/p><p>Die Beant\u00adwor\u00adtung der Kon\u00adtak\u00adtan\u00adfra\u00adgen im Rah\u00admen von ver\u00adtraglichen oder vorver\u00adtraglichen Beziehun\u00adgen erfol\u00adgt zur Erf\u00fcl\u00adlung mein\u00ader ver\u00adtraglichen Pflicht\u00aden oder zur Beant\u00adwor\u00adtung von (vor)vertraglichen Anfra\u00adgen und im \u00dcbri\u00adgen auf Grund\u00adlage der berechtigten Inter\u00adessen an der Beant\u00adwor\u00adtung der Anfragen.<\/p><p>&nbsp;<\/p><ul><li><strong>Ver\u00adar\u00adbeit\u00adete Date\u00adnarten:<\/strong>&nbsp;Bestands\u00addat\u00aden (z.B. Namen, Adressen), Kon\u00adtak\u00adt\u00addat\u00aden (z.B. E\u2011Mail, Tele\u00adfon\u00adnum\u00admern), Inhalts\u00addat\u00aden (z.B. Tex\u00adteingaben, Fotografien, Videos).<\/li><li><strong>Betrof\u00adfene Per\u00adso\u00adn\u00aden:<\/strong>&nbsp;Kommunikationspartner_innen.<\/li><li><strong>Zwecke der Ver\u00adar\u00adbeitung:<\/strong>&nbsp;Kon\u00adtak\u00adtan\u00adfra\u00adgen und Kommunikation.<\/li><li><strong>Rechts\u00adgrund\u00adla\u00adgen:<\/strong>&nbsp;Ver\u00adtragser\u00adf\u00fcl\u00adlung und vorver\u00adtragliche Anfra\u00adgen (Art. 6 Abs. 1 S. 1 lit. b. DSGVO), Berechtigte Inter\u00adessen (Art. 6 Abs. 1 S. 1 lit. f.&nbsp;DSGVO).<\/li><\/ul><h4><strong><br>Bereitstellung des Onlineangebotes und Webhosting<\/strong><\/h4><p align=\"justify\">Um mein Onlin\u00adeange\u00adbot sich\u00ader und effizient bere\u00adit\u00adstellen zu k\u00f6n\u00adnen, nehme ich die Leis\u00adtun\u00adgen von einem oder mehreren Web\u00adhost\u00ading-Anbi\u00adetenden in Anspruch, von deren Servern (bzw. von ihnen ver\u00adwal\u00adteten Servern) das Onlin\u00adeange\u00adbot abgerufen wer\u00adden kann. Zu diesen Zweck\u00aden k\u00f6n\u00adnen wir Infra\u00adstruk\u00adtur- und Plat\u00adtfor\u00adm\u00addi\u00aden\u00adstleis\u00adtun\u00adgen, Rechenka\u00adpaz\u00adit\u00e4t, Spe\u00adicher\u00adplatz und Daten\u00adbank\u00addi\u00aden\u00adste sowie Sicher\u00adheit\u00adsleis\u00adtun\u00adgen und tech\u00adnis\u00adche Wartungsleis\u00adtun\u00adgen in Anspruch nehmen.<\/p><p>Zu den im Rah\u00admen der Bere\u00adit\u00adstel\u00adlung des Hostin\u00adgange\u00adbotes ver\u00adar\u00adbeit\u00adeten Dat\u00aden k\u00f6n\u00adnen alle die Nutzen\u00adden meines Onlin\u00adeange\u00adbotes betr\u00ade\u00adf\u00adfend\u00aden Angaben geh\u00f6ren, die im Rah\u00admen der Nutzung und der Kom\u00admu\u00adnika\u00adtion anfall\u00aden. Hierzu geh\u00f6ren regelm\u00e4\u00dfig die IP-Adresse, die notwendig ist, um die Inhalte von Onlin\u00adeange\u00adboten an Brows\u00ader aus\u00adliefern zu k\u00f6n\u00adnen, und alle inner\u00adhalb unseres Onlin\u00adeange\u00adbotes oder von Web\u00adseit\u00aden get\u00e4tigten Eingaben.<\/p><p>&nbsp;<\/p><h4><strong>Erhebung von Zugriffsdaten und Logfiles<\/strong>:<\/h4><p align=\"justify\">Ich selb\u00adst (bzw. mein Web\u00adhostin\u00adgan\u00adbi\u00adeter) erheben Dat\u00aden zu jedem Zugriff auf den Serv\u00ader (soge\u00adnan\u00adnte Server\u00adlog\u00adfiles). Zu den Server\u00adlog\u00adfiles k\u00f6n\u00adnen die Adresse und Name der abgerufe\u00adnen Web\u00adseit\u00aden und Dateien, Datum und Uhrzeit des Abrufs, \u00fcber\u00adtra\u00adgene Daten\u00admen\u00adgen, Mel\u00addung \u00fcber erfol\u00adgre\u00adichen Abruf, Browser\u00adtyp neb\u00adst Ver\u00adsion, das Betrieb\u00adssys\u00adtem der Nutzen\u00adden, Refer\u00adrer URL (die zuvor besuchte Seite) und im Regelfall IP-Adressen und der anfra\u00adgende Provider geh\u00f6ren.<\/p><p>Die Server\u00adlog\u00adfiles k\u00f6n\u00adnen zum einen zu Zweck\u00aden der Sicher\u00adheit einge\u00adset\u00adzt wer\u00adden, z.B., um eine \u00dcber\u00adlas\u00adtung der Serv\u00ader zu ver\u00admei\u00adden (ins\u00adbeson\u00addere im Fall von miss\u00adbr\u00e4uch\u00adlichen Angrif\u00adf\u00aden, soge\u00adnan\u00adnten DDoS-Attack\u00aden) und zum anderen, um die Aus\u00adlas\u00adtung der Serv\u00ader und ihre Sta\u00adbil\u00adit\u00e4t sicherzustellen.<\/p><p>&nbsp;<\/p><ul><li><strong>Ver\u00adar\u00adbeit\u00adete Date\u00adnarten:<\/strong>&nbsp;Inhalts\u00addat\u00aden (z.B. Tex\u00adteingaben, Fotografien, Videos), Nutzungs\u00addat\u00aden (z.B. besuchte Web\u00adseit\u00aden, Inter\u00adesse an Inhal\u00adten, Zugriff\u00adszeit\u00aden), Meta-\/Kom\u00admu\u00adnika\u00adtions\u00addat\u00aden (z.B. Ger\u00e4te-Infor\u00adma\u00adtio\u00adnen, IP-Adressen).<\/li><li><strong>Betrof\u00adfene Per\u00adso\u00adn\u00aden:<\/strong>&nbsp;Nutzende (z.B. Web\u00adseit\u00adenbe\u00adsuchende, Nutzende &nbsp;von Onlinediensten).<\/li><li><strong>Rechts\u00adgrund\u00adla\u00adgen:<\/strong>&nbsp;Berechtigte Inter\u00adessen (Art. 6 Abs. 1 S. 1 lit. f.&nbsp;DSGVO).<\/li><\/ul><p>&nbsp;<\/p><h4><strong>L\u00f6schung von&nbsp;Daten<\/strong><\/h4><p align=\"justify\">Die von mir ver\u00adar\u00adbeit\u00adeten Dat\u00aden wer\u00adden nach Ma\u00df\u00adgabe der geset\u00adzlichen Vor\u00adgaben gel\u00f6scht, sobald deren zur Ver\u00adar\u00adbeitung erlaubten Ein\u00adwilli\u00adgun\u00adgen wider\u00adrufen wer\u00adden oder son\u00adstige Erlaub\u00adnisse ent\u00adfall\u00aden (z.B., wenn der Zweck der Ver\u00adar\u00adbeitung dieser Dat\u00aden ent\u00adfall\u00aden ist oder sie f\u00fcr den Zweck nicht erforder\u00adlich&nbsp;sind).<\/p><p>Sofern die Dat\u00aden nicht gel\u00f6scht wer\u00adden, weil sie f\u00fcr andere und geset\u00adzlich zul\u00e4s\u00adsige Zwecke erforder\u00adlich sind, wird deren Ver\u00adar\u00adbeitung auf diese Zwecke beschr\u00e4nkt. D.h., die Dat\u00aden wer\u00adden ges\u00adper\u00adrt und nicht f\u00fcr andere Zwecke ver\u00adar\u00adbeit\u00adet. Das gilt z.B. f\u00fcr Dat\u00aden, die aus han\u00addels- oder steuer\u00adrechtlichen Gr\u00fcn\u00adden auf\u00adbe\u00adwahrt wer\u00adden m\u00fcssen oder deren Spe\u00adicherung zur Gel\u00adtend\u00admachung, Aus\u00fcbung oder Vertei\u00addi\u00adgung von Recht\u00adsanspr\u00fcchen oder zum Schutz der Rechte ein\u00ader anderen nat\u00fcr\u00adlichen oder juris\u00adtis\u00adchen Per\u00adson erforder\u00adlich&nbsp;ist.<\/p><p>Weit\u00adere Hin\u00adweise zu der L\u00f6schung von per\u00adso\u00adn\u00aden\u00adbe\u00adzo\u00adge\u00adnen Dat\u00aden k\u00f6n\u00adnen fern\u00ader im Rah\u00admen der einzel\u00adnen Daten\u00adschutzhin\u00adweise dieser Daten\u00adschutzerk\u00adl\u00e4rung erfolgen.<\/p><p>&nbsp;<\/p><h4><strong>\u00c4nderung und Aktualisierung der Datenschutzerkl\u00e4rung<\/strong><\/h4><p align=\"justify\">Wir bit\u00adten Sie, sich regelm\u00e4\u00dfig \u00fcber den Inhalt unser\u00ader Daten\u00adschutzerk\u00adl\u00e4rung zu informieren. Wir passen die Daten\u00adschutzerk\u00adl\u00e4rung an, sobald die \u00c4nderun\u00adgen der von uns durchge\u00adf\u00fchrten Daten\u00adver\u00adar\u00adbeitun\u00adgen dies erforder\u00adlich machen. Wir informieren Sie, sobald durch die \u00c4nderun\u00adgen eine Mitwirkung\u00adshand\u00adlung Ihrer\u00adseits (z.B. Ein\u00adwilli\u00adgung) oder eine son\u00adstige indi\u00advidu\u00adelle Benachrich\u00adti\u00adgung erforder\u00adlich&nbsp;wird.<\/p><p>Sofern wir in dieser Daten\u00adschutzerk\u00adl\u00e4rung Adressen und Kon\u00adtak\u00adt\u00adin\u00adfor\u00adma\u00adtio\u00adnen von Unternehmen und Organ\u00adi\u00adsa\u00adtio\u00adnen angeben, bit\u00adten wir zu beacht\u00aden, dass die Adressen sich \u00fcber die Zeit \u00e4ndern k\u00f6n\u00adnen und bit\u00adten die Angaben vor Kon\u00adtak\u00adtauf\u00adnahme zu pr\u00fcfen.<\/p><p>&nbsp;<\/p><h4><strong>Rechte der betroffenen Personen<\/strong><\/h4><p align=\"justify\">Ihnen ste\u00adhen als Betrof\u00adfene nach der DSGVO ver\u00adschiedene Rechte zu, die sich ins\u00adbeson\u00addere aus Art. 15 bis 18 und 21 DSGVO ergeben:<\/p><p>&nbsp;<\/p><ul><li><p align=\"justify\">Wider\u00adspruch\u00adsrecht:<\/p><p>Sie haben das Recht, aus Gr\u00fcn\u00adden, die sich aus Ihrer beson\u00adderen Sit\u00adu\u00ada\u00adtion ergeben, jed\u00aderzeit gegen die Ver\u00adar\u00adbeitung der Sie betr\u00ade\u00adf\u00adfend\u00aden per\u00adso\u00adn\u00aden\u00adbe\u00adzo\u00adge\u00adnen Dat\u00aden, die auf\u00adgrund von Art. 6 Abs. 1 lit. e oder f DSGVO erfol\u00adgt, Wider\u00adspruch einzule\u00adgen; dies gilt auch f\u00fcr ein auf diese Bes\u00adtim\u00admungen gest\u00fctztes Pro\u00adfil\u00ading. Wer\u00adden die Sie betr\u00ade\u00adf\u00adfend\u00aden per\u00adso\u00adn\u00aden\u00adbe\u00adzo\u00adge\u00adnen Dat\u00aden ver\u00adar\u00adbeit\u00adet, um Direk\u00adtwer\u00adbung zu betreiben, haben Sie das Recht, jed\u00aderzeit Wider\u00adspruch gegen die Ver\u00adar\u00adbeitung der Sie betr\u00ade\u00adf\u00adfend\u00aden per\u00adso\u00adn\u00aden\u00adbe\u00adzo\u00adge\u00adnen Dat\u00aden zum Zwecke der\u00adar\u00adtiger Wer\u00adbung einzule\u00adgen; dies gilt auch f\u00fcr das Pro\u00adfil\u00ading, soweit es mit solch\u00ader Direk\u00adtwer\u00adbung in Verbindung&nbsp;steht.<\/p><\/li><li><p align=\"justify\">Wider\u00adruf\u00ads\u00adrecht bei Einwilligungen:<\/p><p>Sie haben das Recht, erteilte Ein\u00adwilli\u00adgun\u00adgen jed\u00aderzeit zu widerrufen.<\/p><\/li><li><p align=\"justify\">Auskun\u00adft\u00adsrecht:<\/p><p>Sie haben das Recht, eine Best\u00e4\u00adti\u00adgung dar\u00fcber zu ver\u00adlan\u00adgen, ob betr\u00ade\u00adf\u00adfende Dat\u00aden ver\u00adar\u00adbeit\u00adet wer\u00adden und auf Auskun\u00adft \u00fcber diese Dat\u00aden sowie auf weit\u00adere Infor\u00adma\u00adtio\u00adnen und Kopie der Dat\u00aden entsprechend den geset\u00adzlichen Vorgaben.<\/p><\/li><li><p align=\"justify\">Recht auf Berichtigung:<\/p><p>Sie haben entsprechend den geset\u00adzlichen Vor\u00adgaben das Recht, die Ver\u00advoll\u00adst\u00e4ndi\u00adgung der Sie betr\u00ade\u00adf\u00adfend\u00aden Dat\u00aden oder die Berich\u00adti\u00adgung der Sie betr\u00ade\u00adf\u00adfend\u00aden unrichti\u00adgen Dat\u00aden zu verlangen.<\/p><\/li><li><p align=\"justify\">Recht auf L\u00f6schung und Ein\u00adschr\u00e4nkung der Verarbeitung:<\/p><p>Sie haben nach Ma\u00df\u00adgabe der geset\u00adzlichen Vor\u00adgaben das Recht, zu ver\u00adlan\u00adgen, dass Sie betr\u00ade\u00adf\u00adfende Dat\u00aden unverz\u00fcglich gel\u00f6scht wer\u00adden, bzw. alter\u00adna\u00adtiv nach Ma\u00df\u00adgabe der geset\u00adzlichen Vor\u00adgaben eine Ein\u00adschr\u00e4nkung der Ver\u00adar\u00adbeitung der Dat\u00aden zu verlangen.<\/p><\/li><li><p align=\"justify\">Recht auf Daten\u00fcbertragbarkeit:<\/p><p>Sie haben das Recht, Sie betr\u00ade\u00adf\u00adfende Dat\u00aden, die Sie uns bere\u00adit\u00adgestellt haben, nach Ma\u00df\u00adgabe der geset\u00adzlichen Vor\u00adgaben in einem struk\u00adturi\u00aderten, g\u00e4ngi\u00adgen und maschi\u00adnen\u00adles\u00adbaren For\u00admat zu erhal\u00adten oder deren \u00dcber\u00admit\u00adtlung an einen anderen Ver\u00adant\u00adwortlichen zu fordern.<\/p><\/li><li><p align=\"justify\">Beschw\u00aderde bei Aufsichtsbeh\u00f6rde:<\/p><p>Sie haben fern\u00ader nach Ma\u00df\u00adgabe der geset\u00adzlichen Vor\u00adgaben das Recht, bei ein\u00ader Auf\u00adsichts\u00adbe\u00adh\u00f6rde, ins\u00adbeson\u00addere in dem Mit\u00adglied\u00adstaat Ihres gew\u00f6hn\u00adlichen Aufen\u00adthalt\u00adsorts, Ihres Arbeit\u00adsplatzes oder des Orts des mut\u00adma\u00dflichen Ver\u00adsto\u00dfes, wenn Sie der Ansicht sind, dass die Ver\u00adar\u00adbeitung der Sie betr\u00ade\u00adf\u00adfend\u00aden per\u00adso\u00adn\u00aden\u00adbe\u00adzo\u00adge\u00adnen Dat\u00aden gegen die DSGVO verst\u00f6\u00dft.<\/p><\/li><\/ul><h4>&nbsp;<\/h4><h4><strong>Begriffsdefinitionen<\/strong><\/h4><p align=\"justify\">In diesem Abschnitt erhal\u00adten Sie eine \u00dcber\u00adsicht \u00fcber die in dieser Daten\u00adschutzerk\u00adl\u00e4rung ver\u00adwen\u00adde\u00adten Begrif\u00adflichkeit\u00aden. Viele der Begriffe sind dem Gesetz ent\u00adnom\u00admen und vor allem im Art. 4 DSGVO definiert. Die geset\u00adzlichen Def\u00adi\u00adn\u00adi\u00adtio\u00adnen sind verbindlich. Die nach\u00adfol\u00adgen\u00adden Erl\u00e4uterun\u00adgen sollen dage\u00adgen vor allem dem Ver\u00adst\u00e4nd\u00adnis dienen. Die Begriffe sind alpha\u00adbetisch sortiert.<\/p><p>&nbsp;<\/p><ul><li><p align=\"justify\">Per\u00adso\u00adn\u00aden\u00adbe\u00adzo\u00adgene&nbsp;Daten:<\/p><p>\u201ePer\u00adso\u00adn\u00aden\u00adbe\u00adzo\u00adgene Dat\u00aden\u201c sind alle Infor\u00adma\u00adtio\u00adnen, die sich auf eine iden\u00adti\u00adfizierte oder iden\u00adti\u00adfizier\u00adbare nat\u00fcr\u00adliche Per\u00adson (im Fol\u00adgen\u00adden \u201ebetrof\u00adfene Per\u00adson\u201c) beziehen; als iden\u00adti\u00adfizier\u00adbar wird eine nat\u00fcr\u00adliche Per\u00adson ange\u00adse\u00adhen, die direkt oder indi\u00adrekt, ins\u00adbeson\u00addere mit\u00adtels Zuord\u00adnung zu ein\u00ader Ken\u00adnung wie einem Namen, zu ein\u00ader Kennnum\u00admer, zu Stan\u00addort\u00addat\u00aden, zu ein\u00ader Online-Ken\u00adnung (z.B. Cook\u00adie) oder zu einem oder mehreren beson\u00adderen Merk\u00admalen iden\u00adti\u00adfiziert wer\u00adden kann, die Aus\u00addruck der physis\u00adchen, phys\u00adi\u00adol\u00ado\u00adgis\u00adchen, genetis\u00adchen, psy\u00adchis\u00adchen, wirtschaftlichen, kul\u00adturellen oder sozialen Iden\u00adtit\u00e4t dieser nat\u00fcr\u00adlichen Per\u00adson&nbsp;sind.<\/p><\/li><li><p align=\"justify\">Ver\u00adant\u00adwortlich\u00ader:<\/p><p>Als \u201eVer\u00adant\u00adwortlich\u00ader\u201c wird die nat\u00fcr\u00adliche oder juris\u00adtis\u00adche Per\u00adson, Beh\u00f6rde, Ein\u00adrich\u00adtung oder andere Stelle, die allein oder gemein\u00adsam mit anderen \u00fcber die Zwecke und Mit\u00adtel der Ver\u00adar\u00adbeitung von per\u00adso\u00adn\u00aden\u00adbe\u00adzo\u00adge\u00adnen Dat\u00aden entschei\u00addet, bezeichnet.<\/p><\/li><li><p align=\"justify\">Ver\u00adar\u00adbeitung:<\/p><p>\u201eVer\u00adar\u00adbeitung\u201c ist jed\u00ader mit oder ohne Hil\u00adfe automa\u00adtisiert\u00ader Ver\u00adfahren aus\u00adge\u00adf\u00fchrte Vor\u00adgang oder jede solche Vor\u00adgangsrei\u00adhe im Zusam\u00admen\u00adhang mit per\u00adso\u00adn\u00aden\u00adbe\u00adzo\u00adge\u00adnen Dat\u00aden. Der Begriff reicht weit und umfasst prak\u00adtisch jeden Umgang mit Dat\u00aden, sei es das Erheben, das Auswerten, das Spe\u00adich\u00adern, das \u00dcber\u00admit\u00adteln oder das L\u00f6schen.<\/p><\/li><\/ul>\t\t\t\t\t\t<\/div>\n\t\t\t\t<\/div>\n\t\t\t\t\t<\/div>\n\t\t<\/div>\n\t\t\t\t\t<\/div>\n\t\t<\/section>\n\t\t\t\t<\/div>\n\t\t","protected":false},"excerpt":{"rendered":"<p>Ein\u00adleitung Mit der fol\u00adgen\u00adden Daten\u00adschutzerk\u00adl\u00e4rung m\u00f6chte ich Sie dar\u00fcber aufk\u00adl\u00e4ren, welche Arten Ihrer per\u00adso\u00adn\u00aden\u00adbe\u00adzo\u00adge\u00adnen Dat\u00aden (nach\u00adfol\u00adgend auch kurz als \u201eDat\u00aden\u201c beze\u00adich\u00adnet) ich zu welchen Zweck\u00aden und in welchem Umfang ver\u00adar\u00adbeite. Die Daten\u00adschutzerk\u00adl\u00e4rung gilt f\u00fcr alle von mir durchge\u00adf\u00fchrten Ver\u00adar\u00adbeitun\u00adgen per\u00adso\u00adn\u00aden\u00adbe\u00adzo\u00adgen\u00ader Dat\u00aden, sowohl im Rah\u00admen der Erbringung mein\u00ader Leis\u00adtun\u00adgen als auch beson\u00adders auf mein\u00ader Web\u00adseite, in&nbsp;[\u2026]<\/p>\n","protected":false},"author":1,"featured_media":1143,"parent":0,"menu_order":0,"comment_status":"closed","ping_status":"closed","template":"","meta":{"wp_typography_post_enhancements_disabled":false,"footnotes":""},"_links":{"self":[{"href":"https:\/\/silkemartin.com\/index.php?rest_route=\/wp\/v2\/pages\/2106"}],"collection":[{"href":"https:\/\/silkemartin.com\/index.php?rest_route=\/wp\/v2\/pages"}],"about":[{"href":"https:\/\/silkemartin.com\/index.php?rest_route=\/wp\/v2\/types\/page"}],"author":[{"embeddable":true,"href":"https:\/\/silkemartin.com\/index.php?rest_route=\/wp\/v2\/users\/1"}],"replies":[{"embeddable":true,"href":"https:\/\/silkemartin.com\/index.php?rest_route=%2Fwp%2Fv2%2Fcomments&post=2106"}],"version-history":[{"count":5,"href":"https:\/\/silkemartin.com\/index.php?rest_route=\/wp\/v2\/pages\/2106\/revisions"}],"predecessor-version":[{"id":2112,"href":"https:\/\/silkemartin.com\/index.php?rest_route=\/wp\/v2\/pages\/2106\/revisions\/2112"}],"wp:featuredmedia":[{"embeddable":true,"href":"https:\/\/silkemartin.com\/index.php?rest_route=\/wp\/v2\/media\/1143"}],"wp:attachment":[{"href":"https:\/\/silkemartin.com\/index.php?rest_route=%2Fwp%2Fv2%2Fmedia&parent=2106"}],"curies":[{"name":"wp","href":"https:\/\/api.w.org\/{rel}","templated":true}]}}