{"id":991,"date":"2022-07-28T08:54:32","date_gmt":"2022-07-28T08:54:32","guid":{"rendered":"http:\/\/silkemartin.com\/?page_id=991"},"modified":"2025-11-26T09:48:24","modified_gmt":"2025-11-26T09:48:24","slug":"schreibwerkstatt-flow-in-den-schreibfluss-kommen","status":"publish","type":"page","link":"https:\/\/silkemartin.com\/?page_id=991","title":{"rendered":"Schreibwerkstatt Flow \u2013 in den Schreibfluss kommen"},"content":{"rendered":"\t\t<div data-elementor-type=\"wp-page\" data-elementor-id=\"991\" class=\"elementor elementor-991\">\n\t\t\t\t\t\t<section class=\"elementor-section elementor-top-section elementor-element elementor-element-af6e80c elementor-section-boxed elementor-section-height-default elementor-section-height-default\" data-id=\"af6e80c\" data-element_type=\"section\">\n\t\t\t\t\t\t<div class=\"elementor-container elementor-column-gap-default\">\n\t\t\t\t\t<div class=\"elementor-column elementor-col-100 elementor-top-column elementor-element elementor-element-4ad59c36\" data-id=\"4ad59c36\" data-element_type=\"column\">\n\t\t\t<div class=\"elementor-widget-wrap elementor-element-populated\">\n\t\t\t\t\t\t<div class=\"elementor-element elementor-element-26dea053 elementor-widget elementor-widget-text-editor\" data-id=\"26dea053\" data-element_type=\"widget\" data-widget_type=\"text-editor.default\">\n\t\t\t\t<div class=\"elementor-widget-container\">\n\t\t\t<style>\/*! elementor - v3.20.0 - 13-03-2024 *\/\n.elementor-widget-text-editor.elementor-drop-cap-view-stacked .elementor-drop-cap{background-color:#69727d;color:#fff}.elementor-widget-text-editor.elementor-drop-cap-view-framed .elementor-drop-cap{color:#69727d;border:3px solid;background-color:transparent}.elementor-widget-text-editor:not(.elementor-drop-cap-view-default) .elementor-drop-cap{margin-top:8px}.elementor-widget-text-editor:not(.elementor-drop-cap-view-default) .elementor-drop-cap-letter{width:1em;height:1em}.elementor-widget-text-editor .elementor-drop-cap{float:left;text-align:center;line-height:1;font-size:50px}.elementor-widget-text-editor .elementor-drop-cap-letter{display:inline-block}<\/style>\t\t\t\t<p><!-- wp:paragraph --><\/p>\n<h4><strong>Schreibwerkstatt Flow<\/strong><\/h4>\n<p><!-- \/wp:paragraph --><!-- wp:paragraph --><\/p>\n<p align=\"justify\">Schreib\u00adw\u00aderk\u00adst\u00e4t\u00adten und andere kollek\u00adtive Arbeits\u00adfor\u00admate erm\u00f6glichen Wissenschaftler*innen, sich inten\u00adsiv mit dem Schreiben&nbsp;auseinan\u00adderzuset\u00adzen. In der Gruppe find\u00aden die Teilnehmer*innen Ruhe, Pro\u00adduk\u00adtiv\u00adit\u00e4t, Inspi\u00adra\u00adtion und&nbsp;Aus\u00adtausch \u00fcber ihre Schreibprozesse. Schreiben ist eine wichtige&nbsp;wis\u00adsenschaftliche T\u00e4tigkeit, der hier Zeit und Raum gewid\u00admet wird. Neben Schreib\u00adw\u00aderk\u00adst\u00e4t\u00adten und Retreats leite ich zu anderen kol\u00adlab\u00ado\u00adra\u00adtiv\u00aden und kopro\u00adduk\u00adtiv\u00aden Grup\u00adpen\u00adfor\u00admat\u00aden an wie autonomen Schreib\u00adgrup\u00adpen, Autor*innenkollektive, Bar\u00adcamps oder kol\u00adle\u00adgialer Fallberatung.<\/p>\n<p><!-- \/wp:paragraph --><!-- wp:spacer {\"height\":\"25px\"} --><\/p>\n<div style=\"height: 25px;\" aria-hidden=\"true\">&nbsp;<\/div>\n<p><!-- \/wp:spacer --><!-- wp:paragraph --><\/p>\n<h4><strong>Aktuelle Formate<\/strong><\/h4>\n<p><a href=\"https:\/\/www.lmu.de\/de\/index.html\">5\u2011t\u00e4giges Aca\u00add\u00ade\u00adm\u00adic Writ\u00ading Retreat f\u00fcr Post-\/Docs der Lud\u00adwig-Max\u00adi\u00adm\u00adil\u00adians-Uni\u00adver\u00adsit\u00e4t M\u00fcnchen<\/a><\/p>\n<p><a href=\"https:\/\/www.hs-nordhausen.de\/\">2\u2011t\u00e4giges Aca\u00add\u00ade\u00adm\u00adic Writ\u00ading Retreat f\u00fcr Doktorand:innen an der Hochschule Nordhausen<\/a><\/p>\n<p><a href=\"https:\/\/www.leuphana.de\/graduate-school\/karriere-foerderung\/gradskills\/details\/writing-retreat-fuer-wissenschaftlerinnen.html\">3\u2011t\u00e4giges Aca\u00add\u00ade\u00adm\u00adic Writ\u00ading Retreat f\u00fcr Postdoc*s an der Leuphana Uni\u00adver\u00adsit\u00e4t L\u00fcneburg<\/a><\/p>\n<p><a href=\"https:\/\/gefsus.de\/\" target=\"_blank\" rel=\"noopener\">2\u2011t\u00e4giger Work\u00adshop Col\u00adlage als kreatives Tool und kun\u00adst\u00adbasierte Inter\u00adven\u00adtion im Schreib(-beratungs)prozess (Gef\u00adsus)<\/a><\/p>\n<p><a href=\"https:\/\/veranstaltungen.uni-weimar.de\/e\/BRS_RETREAT-2024?scopeFilter%5Bpublicly_visible%5D=true&amp;scopeFilter%5Bhidden_in_lists%5D=false&amp;scopeFilter%5Bended%5D=false\">4\u2011t\u00e4giges Aca\u00add\u00ade\u00adm\u00adic Writ\u00ading Retreat f\u00fcr Post-\/Docs und Juniorprofessor:innen an der Bauhaus Research School (BRS) Weimar<\/a><\/p>\n<p><a href=\"https:\/\/www.uni-hildesheim.de\/zentrum-fuer-geschlechterforschung\/ueber-uns\/das-zentrum\/team\/simone-tichter\/\">1\u2011t\u00e4giger Work\u00adshop Arts-based Research: Col\u00adlage und Schreiben als Denk- und Reflex\u00adion\u00adswerkzeug f\u00fcr Gen\u00adder im Forschung\u00adsprozess an der Stiftung Uni\u00adver\u00adsit\u00e4t Hildesheim<\/a><\/p>\n<p><a href=\"https:\/\/www.soziologie.phil.fau.de\/person\/nelli-feist\/\">3\u2011t\u00e4giges Aca\u00add\u00ade\u00adm\u00adic Writ\u00ading Retreat f\u00fcr Post-\/Docs am Insti\u00adtut f\u00fcr Sozi\u00adolo\u00adgie der Friedrich-Alexan\u00adder-Uni\u00adver\u00adsit\u00e4t N\u00fcrnberg<\/a><\/p>\n<p><a href=\"https:\/\/gefsus.de\/\" target=\"_blank\" rel=\"noopener\">Semes\u00adter\u00adbe\u00adglei\u00adt\u00adende Super\u00advi\u00adsion\u00ads\u00adgruppe f\u00fcr Schreibdidaktiker:innen (Gef\u00adsus)<\/a><\/p>\n<p><a href=\"https:\/\/www.leuphana.de\/institute\/isko\/personen\/julia-boecker.html\">Schreib\u00adw\u00aderk\u00adstatt im Sem\u00adi\u00adnar Autoethno\u00adgra\u00adphie der Klim\u00adage\u00adf\u00fch\u00adle an der Leuphana Uni\u00adver\u00adsit\u00e4t L\u00fcneburg<\/a><\/p>\n<p><a href=\"https:\/\/c2po.projects.uni-erfurt.de\/\">2\u2011t\u00e4giges Writ\u00ading Retreat f\u00fcr Doktorand*innen des Pro\u00admo\u00adtion\u00adskol\u00adlegs Cen\u00adter for Polit\u00adi\u00adcal Prac\u00adtices and Orders an der Uni\u00adver\u00adsit\u00e4t Erfurt<\/a><\/p>\n<p><a style=\"font-family: var( --e-global-typography-text-font-family ), Sans-serif; font-weight: var( --e-global-typography-text-font-weight ); background-color: #f5f5f5;\" href=\"https:\/\/www.dhge.de\/DHGE\/\" target=\"_blank\" rel=\"noopener\">1\u2011t\u00e4giger Schreib\u00addi\u00addak\u00adtik\u00adwork\u00adshop f\u00fcr Lehrende an der Dualen Hochschule Gera-Eise\u00adnach<\/a><span style=\"color: var( --e-global-color-text ); font-family: var( --e-global-typography-text-font-family ), Sans-serif; font-weight: var( --e-global-typography-text-font-weight );\">&nbsp;<\/span><\/p>\n<p><!-- \/wp:paragraph --><!-- wp:paragraph --><\/p>\n<p><a href=\"http:\/\/silkemartin.com\/?page_id=1543\" rel=\"noopener\">3\u2011t\u00e4giges Som\u00admer\u00adlich\u00ades Schreibere\u00adtreat f\u00fcr Promovend:innen, Post\u00addocs und Professor:innen in M\u00f6tzelbach<\/a><\/p>\n<p><a href=\"https:\/\/www.leuphana.de\/graduate-school\/karriere-foerderung\/gradskills\/details\/writing-retreat-fuer-wissenschaftlerinnen.html\" target=\"_blank\" rel=\"noopener\">3\u2011t\u00e4giges Writ\u00ading Retreat f\u00fcr Wissenschaftler*innen an der Leuphana Uni\u00adver\u00adsit\u00e4t L\u00fcneburg<\/a><\/p>\n<p><a href=\"https:\/\/www.academicwriting.de\/retreat\/winter\/\" target=\"_blank\" rel=\"noopener\">6\u2011t\u00e4giges Aca\u00add\u00ade\u00adm\u00adic Writ\u00ading Retreat #women* oder all gen\u00adders f\u00fcr Promovend:innen, Postdoc:s und Professor:innen in Holz\u00admannstett (regelm\u00e4\u00dfig)<\/a><\/p>\n<p><a href=\"https:\/\/www.dhge.de\/DHGE\/Hochschule\/Neuigkeiten\/Detail~2023~WORKSHOP-zum-wissenschaftlichen-Schreiben~.html\" target=\"_blank\" rel=\"noopener\">Semes\u00adter\u00adbe\u00adglei\u00adt\u00adende Schreib\u00adw\u00aderk\u00adstatt an der Dualen Hochschule Gera \u2014 Eise\u00adnach (regelm\u00e4\u00dfig<\/a>)&nbsp;<\/p>\n<p><a href=\"https:\/\/www.dgpuk.de\/\" target=\"_blank\" rel=\"noopener\">2\u2011t\u00e4giger PhD Schreib\u00adwork\u00adshop der&nbsp;DGPuK&nbsp;<\/a><\/p>\n<p><a href=\"https:\/\/www.uni-erfurt.de\/universitaet\/aktuelles\/veranstaltungskalender\/eventdetail\/promovierendentage-phd-days\" target=\"_blank\" rel=\"noopener\">2\u2011st\u00fcndiger Schreib\u00adwork\u00adshop an den Pro\u00admovieren\u00adden\u00adt\u00ada\u00adgen der Uni\u00adver\u00adsit\u00e4t Erfurt&nbsp;<\/a><\/p>\n<p><a href=\"https:\/\/tu-dresden.de\/bereichsuebergreifendes\/sfb940\" target=\"_blank\" rel=\"noopener\">2\u2011t\u00e4giges&nbsp;PhD Schreib-Retreat der TU Dresden\/Sonderforschungbereich (SFB) 940 Voli\u00adtion und Kog\u00adni\u00adtive Kontrolle<\/a><\/p>\n<p><a href=\"http:\/\/silkemartin.com\/?page_id=1521\">Dein Som\u00admer\u00adleucht\u00aden: Ein Woch\u00adenende mit Qigong, Col\u00adlagieren und kreativem Schreiben in M\u00f6tzelbach<\/a><\/p>\n<p><!-- \/wp:paragraph --><!-- wp:paragraph --><\/p>\n<p><!-- \/wp:paragraph --><!-- wp:paragraph --><\/p>\n<p><!-- \/wp:paragraph --><!-- wp:paragraph --><\/p>\n<p><a href=\"https:\/\/www.uni-erfurt.de\/philosophische-fakultaet\/seminare-professuren\/medien-und-kommunikationswissenschaft\/forschung\/communication-and-digital-media-comdigmed\" target=\"_blank\" rel=\"noopener\">4\u2011st\u00fcndiger Schreib\u00adwork\u00adshop am Pro\u00admo\u00adtion\u00adskol\u00adleg Com\u00admu\u00adni\u00adca\u00adtion and Dig\u00adi\u00adtal Media der Uni\u00adver\u00adsit\u00e4t Erfurt (regelm\u00e4\u00dfig)<\/a>&nbsp;<\/p>\n<p><!-- \/wp:paragraph --><!-- wp:paragraph --><\/p>\n<p><a href=\"https:\/\/www.th-nuernberg.de\/?id=11775\" target=\"_blank\" rel=\"noopener\">4\u2011t\u00e4giges Team-Schreib-Retreat im Pro\u00adjekt STARFISH an der TH N\u00fcrnberg<\/a><\/p>\n<p><!-- \/wp:paragraph --><!-- wp:paragraph --><\/p>\n<p><a href=\"https:\/\/www.uni-erfurt.de\/philosophische-fakultaet\/seminare-professuren\/medien-und-kommunikationswissenschaft\/forschung\/communication-and-digital-media-comdigmed\/ablauf-und-angebote\" target=\"_blank\" rel=\"noopener\">3\u2011t\u00e4giges Schreibre\u00adtreat f\u00fcr Post-\/Docs im Rah\u00admen des Pro\u00admo\u00adtion\u00adskol\u00adlegs Com\u00admu\u00adni\u00adca\u00adtion and Dig\u00adi\u00adtal Media der Uni\u00adver\u00adsit\u00e4t Erfurt (j\u00e4hrlich)<\/a><\/p>\n<p><!-- \/wp:paragraph --><!-- wp:paragraph --><\/p>\n<p><a href=\"https:\/\/shop.schreibstudio.at\/produkt\/zona-rosa-midlife-visions-2\/\" target=\"_blank\" rel=\"noopener\">3\u2011st\u00fcndige Zona Rosa Web-Schreib\u00adgruppe nur f\u00fcr Frauen*: Midlife Visions im Schreib\u00adstu\u00addio Wien (monatlich)<\/a><\/p>\n<p><!-- \/wp:paragraph --><!-- wp:paragraph --><\/p>\n<p>Einzel-Schreib\u00adcoach\u00ading (Grad\u00adu\u00adate Cen\u00adter TU Ilme\u00adnau, BRS Weimar u.a.)<\/p>\n<p><!-- \/wp:paragraph --><!-- wp:paragraph --><\/p>\n<p>Col\u00adlage-Schreib\u00adwork\u00adshops f\u00fcr Frauen*, z.B. zum The\u00adma Midlife Visions u.a. Palais F*luxx, sys\u00adtemis\u00adche Weit\u00ader\u00adbil\u00addung, Ehre\u00adnamtliche der Tele\u00adfon\u00adseel\u00adsorge Erfurt (regelm\u00e4\u00dfig)<\/p>\n<p><!-- \/wp:paragraph --><!-- wp:spacer {\"height\":\"10px\"} --><\/p>\n<div style=\"height: 10px;\" aria-hidden=\"true\">&nbsp;<\/div>\n<div aria-hidden=\"true\">&nbsp;<\/div>\n<h4 style=\"text-align: center;\" aria-hidden=\"true\"><strong>Weitere Angebote<\/strong><\/h4>\n<p><!-- \/wp:spacer --><!-- wp:image {\"align\":\"center\",\"id\":1332,\"width\":550,\"sizeSlug\":\"full\",\"linkDestination\":\"custom\"} --><\/p>\n<p><!-- \/wp:image --><!-- wp:image {\"align\":\"center\",\"id\":1334,\"width\":550,\"sizeSlug\":\"full\",\"linkDestination\":\"custom\"} --><\/p>\n<figure><\/figure>\n<p><!-- \/wp:image --><\/p>\t\t\t\t\t\t<\/div>\n\t\t\t\t<\/div>\n\t\t\t\t\t<\/div>\n\t\t<\/div>\n\t\t\t\t\t<\/div>\n\t\t<\/section>\n\t\t\t\t<section class=\"elementor-section elementor-top-section elementor-element elementor-element-fc2b516 elementor-section-boxed elementor-section-height-default elementor-section-height-default\" data-id=\"fc2b516\" data-element_type=\"section\">\n\t\t\t\t\t\t<div class=\"elementor-container elementor-column-gap-default\">\n\t\t\t\t\t<div class=\"elementor-column elementor-col-100 elementor-top-column elementor-element elementor-element-db228ad\" data-id=\"db228ad\" data-element_type=\"column\">\n\t\t\t<div class=\"elementor-widget-wrap elementor-element-populated\">\n\t\t\t\t\t\t<div class=\"elementor-element elementor-element-247859a elementor-widget elementor-widget-image\" data-id=\"247859a\" data-element_type=\"widget\" data-widget_type=\"image.default\">\n\t\t\t\t<div class=\"elementor-widget-container\">\n\t\t\t<style>\/*! elementor - v3.20.0 - 13-03-2024 *\/\n.elementor-widget-image{text-align:center}.elementor-widget-image a{display:inline-block}.elementor-widget-image a img[src$=\".svg\"]{width:48px}.elementor-widget-image img{vertical-align:middle;display:inline-block}<\/style>\t\t\t\t\t\t\t\t\t\t\t<a href=\"https:\/\/silkemartin.com\/?page_id=984\">\n\t\t\t\t\t\t\t<img fetchpriority=\"high\" decoding=\"async\" width=\"1024\" height=\"772\" src=\"https:\/\/silkemartin.com\/wp-content\/uploads\/2024\/11\/Academic-e1731523965572-1024x772.png\" class=\"attachment-large size-large wp-image-2295\" alt srcset=\"https:\/\/silkemartin.com\/wp-content\/uploads\/2024\/11\/Academic-e1731523965572-1024x772.png 1024w, https:\/\/silkemartin.com\/wp-content\/uploads\/2024\/11\/Academic-e1731523965572-300x226.png 300w, https:\/\/silkemartin.com\/wp-content\/uploads\/2024\/11\/Academic-e1731523965572-768x579.png 768w, https:\/\/silkemartin.com\/wp-content\/uploads\/2024\/11\/Academic-e1731523965572.png 1078w\" sizes=\"(max-width: 1024px) 100vw, 1024px\">\t\t\t\t\t\t\t\t<\/a>\n\t\t\t\t\t\t\t\t\t\t\t\t\t<\/div>\n\t\t\t\t<\/div>\n\t\t\t\t\t<\/div>\n\t\t<\/div>\n\t\t\t\t\t<\/div>\n\t\t<\/section>\n\t\t\t\t<section class=\"elementor-section elementor-top-section elementor-element elementor-element-7b32d88 elementor-section-boxed elementor-section-height-default elementor-section-height-default\" data-id=\"7b32d88\" data-element_type=\"section\">\n\t\t\t\t\t\t<div class=\"elementor-container elementor-column-gap-default\">\n\t\t\t\t\t<div class=\"elementor-column elementor-col-100 elementor-top-column elementor-element elementor-element-9d557b7\" data-id=\"9d557b7\" data-element_type=\"column\">\n\t\t\t<div class=\"elementor-widget-wrap elementor-element-populated\">\n\t\t\t\t\t\t<div class=\"elementor-element elementor-element-0245eed elementor-widget elementor-widget-image\" data-id=\"0245eed\" data-element_type=\"widget\" data-widget_type=\"image.default\">\n\t\t\t\t<div class=\"elementor-widget-container\">\n\t\t\t\t\t\t\t\t\t\t\t\t\t\t<a href=\"https:\/\/silkemartin.com\/?page_id=994\">\n\t\t\t\t\t\t\t<img decoding=\"async\" width=\"1024\" height=\"766\" src=\"https:\/\/silkemartin.com\/wp-content\/uploads\/2024\/11\/14-e1731516818446-1024x766.png\" class=\"attachment-large size-large wp-image-2264\" alt srcset=\"https:\/\/silkemartin.com\/wp-content\/uploads\/2024\/11\/14-e1731516818446-1024x766.png 1024w, https:\/\/silkemartin.com\/wp-content\/uploads\/2024\/11\/14-e1731516818446-300x224.png 300w, https:\/\/silkemartin.com\/wp-content\/uploads\/2024\/11\/14-e1731516818446-768x575.png 768w, https:\/\/silkemartin.com\/wp-content\/uploads\/2024\/11\/14-e1731516818446.png 1080w\" sizes=\"(max-width: 1024px) 100vw, 1024px\">\t\t\t\t\t\t\t\t<\/a>\n\t\t\t\t\t\t\t\t\t\t\t\t\t<\/div>\n\t\t\t\t<\/div>\n\t\t\t\t\t<\/div>\n\t\t<\/div>\n\t\t\t\t\t<\/div>\n\t\t<\/section>\n\t\t\t\t<\/div>\n\t\t","protected":false},"excerpt":{"rendered":"<p>Schreib\u00adw\u00aderk\u00adstatt Flow Schreib\u00adw\u00aderk\u00adst\u00e4t\u00adten und andere kollek\u00adtive Arbeits\u00adfor\u00admate erm\u00f6glichen Wissenschaftler*innen, sich inten\u00adsiv mit dem Schreiben&nbsp;auseinan\u00adderzuset\u00adzen. In der Gruppe find\u00aden die Teilnehmer*innen Ruhe, Pro\u00adduk\u00adtiv\u00adit\u00e4t, Inspi\u00adra\u00adtion und&nbsp;Aus\u00adtausch \u00fcber ihre Schreibprozesse. Schreiben ist eine wichtige&nbsp;wis\u00adsenschaftliche T\u00e4tigkeit, der hier Zeit und Raum gewid\u00admet wird. Neben Schreib\u00adw\u00aderk\u00adst\u00e4t\u00adten und Retreats leite ich zu anderen kol\u00adlab\u00ado\u00adra\u00adtiv\u00aden und kopro\u00adduk\u00adtiv\u00aden Grup\u00adpen\u00adfor\u00admat\u00aden an wie autonomen Schreibgruppen,&nbsp;[\u2026]<\/p>\n","protected":false},"author":1,"featured_media":2285,"parent":0,"menu_order":0,"comment_status":"closed","ping_status":"closed","template":"","meta":{"wp_typography_post_enhancements_disabled":false,"footnotes":""},"_links":{"self":[{"href":"https:\/\/silkemartin.com\/index.php?rest_route=\/wp\/v2\/pages\/991"}],"collection":[{"href":"https:\/\/silkemartin.com\/index.php?rest_route=\/wp\/v2\/pages"}],"about":[{"href":"https:\/\/silkemartin.com\/index.php?rest_route=\/wp\/v2\/types\/page"}],"author":[{"embeddable":true,"href":"https:\/\/silkemartin.com\/index.php?rest_route=\/wp\/v2\/users\/1"}],"replies":[{"embeddable":true,"href":"https:\/\/silkemartin.com\/index.php?rest_route=%2Fwp%2Fv2%2Fcomments&post=991"}],"version-history":[{"count":169,"href":"https:\/\/silkemartin.com\/index.php?rest_route=\/wp\/v2\/pages\/991\/revisions"}],"predecessor-version":[{"id":2596,"href":"https:\/\/silkemartin.com\/index.php?rest_route=\/wp\/v2\/pages\/991\/revisions\/2596"}],"wp:featuredmedia":[{"embeddable":true,"href":"https:\/\/silkemartin.com\/index.php?rest_route=\/wp\/v2\/media\/2285"}],"wp:attachment":[{"href":"https:\/\/silkemartin.com\/index.php?rest_route=%2Fwp%2Fv2%2Fmedia&parent=991"}],"curies":[{"name":"wp","href":"https:\/\/api.w.org\/{rel}","templated":true}]}}